{"id":6,"date":"2023-11-09T15:43:22","date_gmt":"2023-11-09T14:43:22","guid":{"rendered":"http:\/\/laitthymsel05.fr\/index.php\/shop\/"},"modified":"2024-05-29T14:40:38","modified_gmt":"2024-05-29T12:40:38","slug":"traiteur-lait-thym-sel","status":"publish","type":"page","link":"https:\/\/laitthymsel05.fr\/index.php\/traiteur-lait-thym-sel\/","title":{"rendered":"Traiteur"},"content":{"rendered":"\t\t<div data-elementor-type=\"wp-page\" data-elementor-id=\"6\" class=\"elementor elementor-6\">\n\t\t\t\t\t\t\t<div class=\"elementor-element elementor-element-d0c4949 e-flex e-con-boxed e-con e-parent\" data-id=\"d0c4949\" data-element_type=\"container\" data-settings=\"{&quot;content_width&quot;:&quot;boxed&quot;}\" data-core-v316-plus=\"true\">\n\t\t\t\t\t<div class=\"e-con-inner\">\n\t\t\t\t<div class=\"elementor-element elementor-element-5ed5b33 elementor-invisible elementor-widget elementor-widget-heading\" data-id=\"5ed5b33\" data-element_type=\"widget\" data-settings=\"{&quot;_animation&quot;:&quot;fadeInUpShorter&quot;}\" data-widget_type=\"heading.default\">\n\t\t\t\t<div class=\"elementor-widget-container\">\n\t\t\t<style>\/*! elementor - v3.17.0 - 08-11-2023 *\/\n.elementor-heading-title{padding:0;margin:0;line-height:1}.elementor-widget-heading .elementor-heading-title[class*=elementor-size-]>a{color:inherit;font-size:inherit;line-height:inherit}.elementor-widget-heading .elementor-heading-title.elementor-size-small{font-size:15px}.elementor-widget-heading .elementor-heading-title.elementor-size-medium{font-size:19px}.elementor-widget-heading .elementor-heading-title.elementor-size-large{font-size:29px}.elementor-widget-heading .elementor-heading-title.elementor-size-xl{font-size:39px}.elementor-widget-heading .elementor-heading-title.elementor-size-xxl{font-size:59px}<\/style><h2 class=\"elementor-heading-title elementor-size-default\">Notre service traiteur<\/h2>\t\t<\/div>\n\t\t\t\t<\/div>\n\t\t\t\t\t<\/div>\n\t\t\t\t<\/div>\n\t\t<div class=\"elementor-element elementor-element-f73e3c4 e-flex e-con-boxed e-con e-parent\" data-id=\"f73e3c4\" data-element_type=\"container\" data-settings=\"{&quot;content_width&quot;:&quot;boxed&quot;}\" data-core-v316-plus=\"true\">\n\t\t\t\t\t<div class=\"e-con-inner\">\n\t\t\t\t<div class=\"elementor-element elementor-element-d29e4e6 elementor-invisible elementor-widget elementor-widget-image\" data-id=\"d29e4e6\" data-element_type=\"widget\" data-settings=\"{&quot;_animation&quot;:&quot;fadeInUpShorter&quot;}\" data-widget_type=\"image.default\">\n\t\t\t\t<div class=\"elementor-widget-container\">\n\t\t\t<style>\/*! elementor - v3.17.0 - 08-11-2023 *\/\n.elementor-widget-image{text-align:center}.elementor-widget-image a{display:inline-block}.elementor-widget-image a img[src$=\".svg\"]{width:48px}.elementor-widget-image img{vertical-align:middle;display:inline-block}<\/style>\t\t\t\t\t\t\t\t\t\t\t\t<img fetchpriority=\"high\" decoding=\"async\" width=\"1024\" height=\"512\" src=\"https:\/\/laitthymsel05.fr\/wp-content\/uploads\/2024\/02\/traiteur-gap.jpg\" class=\"attachment-large size-large wp-image-554\" alt=\"Lait Thym Sel traiteur \u00e0 Gap\" srcset=\"https:\/\/laitthymsel05.fr\/wp-content\/uploads\/2024\/02\/traiteur-gap.jpg 1024w, https:\/\/laitthymsel05.fr\/wp-content\/uploads\/2024\/02\/traiteur-gap-300x150.jpg 300w, https:\/\/laitthymsel05.fr\/wp-content\/uploads\/2024\/02\/traiteur-gap-768x384.jpg 768w, https:\/\/laitthymsel05.fr\/wp-content\/uploads\/2024\/02\/traiteur-gap-920x460.jpg 920w, https:\/\/laitthymsel05.fr\/wp-content\/uploads\/2024\/02\/traiteur-gap-575x288.jpg 575w, https:\/\/laitthymsel05.fr\/wp-content\/uploads\/2024\/02\/traiteur-gap-380x190.jpg 380w, https:\/\/laitthymsel05.fr\/wp-content\/uploads\/2024\/02\/traiteur-gap-420x210.jpg 420w, https:\/\/laitthymsel05.fr\/wp-content\/uploads\/2024\/02\/traiteur-gap-800x400.jpg 800w\" sizes=\"(max-width: 1024px) 100vw, 1024px\" \/>\t\t\t\t\t\t\t\t\t\t\t\t\t\t\t<\/div>\n\t\t\t\t<\/div>\n\t\t\t\t\t<\/div>\n\t\t\t\t<\/div>\n\t\t<div class=\"elementor-element elementor-element-4a2a1c5 e-flex e-con-boxed e-con e-parent\" data-id=\"4a2a1c5\" data-element_type=\"container\" data-settings=\"{&quot;content_width&quot;:&quot;boxed&quot;}\" data-core-v316-plus=\"true\">\n\t\t\t\t\t<div class=\"e-con-inner\">\n\t\t\t\t<div class=\"elementor-element elementor-element-571ae1e elementor-invisible elementor-widget elementor-widget-heading\" data-id=\"571ae1e\" data-element_type=\"widget\" data-settings=\"{&quot;_animation&quot;:&quot;fadeInUpShorter&quot;}\" data-widget_type=\"heading.default\">\n\t\t\t\t<div class=\"elementor-widget-container\">\n\t\t\t<h3 class=\"elementor-heading-title elementor-size-default\">Bienvenue chez Lait Thym Sel : Votre Traiteur d'Exception \u00e0 Gap<\/h3>\t\t<\/div>\n\t\t\t\t<\/div>\n\t\t\t\t<div class=\"elementor-element elementor-element-5aca33f elementor-widget elementor-widget-spacer\" data-id=\"5aca33f\" data-element_type=\"widget\" data-widget_type=\"spacer.default\">\n\t\t\t\t<div class=\"elementor-widget-container\">\n\t\t\t<style>\/*! elementor - v3.17.0 - 08-11-2023 *\/\n.elementor-column .elementor-spacer-inner{height:var(--spacer-size)}.e-con{--container-widget-width:100%}.e-con-inner>.elementor-widget-spacer,.e-con>.elementor-widget-spacer{width:var(--container-widget-width,var(--spacer-size));--align-self:var(--container-widget-align-self,initial);--flex-shrink:0}.e-con-inner>.elementor-widget-spacer>.elementor-widget-container,.e-con>.elementor-widget-spacer>.elementor-widget-container{height:100%;width:100%}.e-con-inner>.elementor-widget-spacer>.elementor-widget-container>.elementor-spacer,.e-con>.elementor-widget-spacer>.elementor-widget-container>.elementor-spacer{height:100%}.e-con-inner>.elementor-widget-spacer>.elementor-widget-container>.elementor-spacer>.elementor-spacer-inner,.e-con>.elementor-widget-spacer>.elementor-widget-container>.elementor-spacer>.elementor-spacer-inner{height:var(--container-widget-height,var(--spacer-size))}.e-con-inner>.elementor-widget-spacer.elementor-widget-empty,.e-con>.elementor-widget-spacer.elementor-widget-empty{position:relative;min-height:22px;min-width:22px}.e-con-inner>.elementor-widget-spacer.elementor-widget-empty .elementor-widget-empty-icon,.e-con>.elementor-widget-spacer.elementor-widget-empty .elementor-widget-empty-icon{position:absolute;top:0;bottom:0;left:0;right:0;margin:auto;padding:0;width:22px;height:22px}<\/style>\t\t<div class=\"elementor-spacer\">\n\t\t\t<div class=\"elementor-spacer-inner\"><\/div>\n\t\t<\/div>\n\t\t\t\t<\/div>\n\t\t\t\t<\/div>\n\t\t\t\t<div class=\"elementor-element elementor-element-4777ac5 elementor-invisible elementor-widget elementor-widget-heading\" data-id=\"4777ac5\" data-element_type=\"widget\" data-settings=\"{&quot;_animation&quot;:&quot;fadeInLeft&quot;}\" data-widget_type=\"heading.default\">\n\t\t\t\t<div class=\"elementor-widget-container\">\n\t\t\t<h5 class=\"elementor-heading-title elementor-size-default\">Une Cuisine Artisanale et Passionn\u00e9e pour des \u00c9v\u00e9nements Inoubliables\n<\/h5>\t\t<\/div>\n\t\t\t\t<\/div>\n\t\t\t\t<div class=\"elementor-element elementor-element-52eb564 elementor-widget elementor-widget-text-editor\" data-id=\"52eb564\" data-element_type=\"widget\" data-widget_type=\"text-editor.default\">\n\t\t\t\t<div class=\"elementor-widget-container\">\n\t\t\t<style>\/*! elementor - v3.17.0 - 08-11-2023 *\/\n.elementor-widget-text-editor.elementor-drop-cap-view-stacked .elementor-drop-cap{background-color:#69727d;color:#fff}.elementor-widget-text-editor.elementor-drop-cap-view-framed .elementor-drop-cap{color:#69727d;border:3px solid;background-color:transparent}.elementor-widget-text-editor:not(.elementor-drop-cap-view-default) .elementor-drop-cap{margin-top:8px}.elementor-widget-text-editor:not(.elementor-drop-cap-view-default) .elementor-drop-cap-letter{width:1em;height:1em}.elementor-widget-text-editor .elementor-drop-cap{float:left;text-align:center;line-height:1;font-size:50px}.elementor-widget-text-editor .elementor-drop-cap-letter{display:inline-block}<\/style>\t\t\t\t<p>Chez Lait Thym Sel, nous croyons que chaque \u00e9v\u00e9nement m\u00e9rite d&#8217;\u00eatre c\u00e9l\u00e9br\u00e9 de mani\u00e8re <strong>unique<\/strong> et <strong>m\u00e9morable<\/strong>. En tant que traiteur \u00e0 Gap, notre mission est de vous offrir une exp\u00e9rience culinaire <strong>exceptionnelle<\/strong>, o\u00f9 la fra\u00eecheur des produits, la cr\u00e9ativit\u00e9 des saveurs et la passion de notre \u00e9quipe se rencontrent pour cr\u00e9er des moments <strong>inoubliables<\/strong> autour de la table.<\/p>\t\t\t\t\t\t<\/div>\n\t\t\t\t<\/div>\n\t\t\t\t<div class=\"elementor-element elementor-element-bc450ad elementor-invisible elementor-widget elementor-widget-heading\" data-id=\"bc450ad\" data-element_type=\"widget\" data-settings=\"{&quot;_animation&quot;:&quot;fadeInRight&quot;}\" data-widget_type=\"heading.default\">\n\t\t\t\t<div class=\"elementor-widget-container\">\n\t\t\t<h5 class=\"elementor-heading-title elementor-size-default\">Des Produits Frais et de Qualit\u00e9, pour une Cuisine Authentique\n<\/h5>\t\t<\/div>\n\t\t\t\t<\/div>\n\t\t\t\t<div class=\"elementor-element elementor-element-85f970c elementor-widget elementor-widget-text-editor\" data-id=\"85f970c\" data-element_type=\"widget\" data-widget_type=\"text-editor.default\">\n\t\t\t\t<div class=\"elementor-widget-container\">\n\t\t\t\t\t\t\t<p>Au c\u0153ur de notre cuisine se trouve la <strong>qualit\u00e9<\/strong> et la <strong>fra\u00eecheur<\/strong> des ingr\u00e9dients. Nous nous approvisionnons aupr\u00e8s des producteurs locaux et des artisans de la r\u00e9gion pour vous offrir des produits de la<strong> plus haute qualit\u00e9<\/strong>, tout en soutenant l&#8217;\u00e9conomie locale et en pr\u00e9servant l&#8217;environnement. Chaque plat que nous pr\u00e9parons est le reflet de notre <strong>engagement<\/strong> envers la <strong>fra\u00eecheur<\/strong>, la <strong>qualit\u00e9<\/strong> et <strong>l&#8217;authenticit\u00e9<\/strong>.<\/p>\t\t\t\t\t\t<\/div>\n\t\t\t\t<\/div>\n\t\t\t\t<div class=\"elementor-element elementor-element-132e6fa elementor-invisible elementor-widget elementor-widget-heading\" data-id=\"132e6fa\" data-element_type=\"widget\" data-settings=\"{&quot;_animation&quot;:&quot;fadeInLeft&quot;}\" data-widget_type=\"heading.default\">\n\t\t\t\t<div class=\"elementor-widget-container\">\n\t\t\t<h5 class=\"elementor-heading-title elementor-size-default\">Des Buffets Personnalis\u00e9s pour Chaque Occasion\n<\/h5>\t\t<\/div>\n\t\t\t\t<\/div>\n\t\t\t\t<div class=\"elementor-element elementor-element-b960e64 elementor-widget elementor-widget-text-editor\" data-id=\"b960e64\" data-element_type=\"widget\" data-widget_type=\"text-editor.default\">\n\t\t\t\t<div class=\"elementor-widget-container\">\n\t\t\t\t\t\t\t<p>Que ce soit pour un repas professionnel, un anniversaire, un \u00e9v\u00e9nement en famille ou entre amis, chez Lait Thym Sel, nous comprenons que <strong>chaque occasion est unique<\/strong>. C&#8217;est pourquoi nous vous proposons des buffets <strong>personnalis\u00e9s<\/strong>, con\u00e7us sp\u00e9cialement pour r\u00e9pondre \u00e0 vos besoins et \u00e0 vos envies. Notre \u00e9quipe de chefs <strong>talentueux<\/strong> travaillera en \u00e9troite collaboration avec vous pour cr\u00e9er un menu sur mesure qui ravira vos convives et fera de votre \u00e9v\u00e9nement un <strong>succ\u00e8s<\/strong>.<\/p>\t\t\t\t\t\t<\/div>\n\t\t\t\t<\/div>\n\t\t\t\t<div class=\"elementor-element elementor-element-cda2ff1 elementor-invisible elementor-widget elementor-widget-heading\" data-id=\"cda2ff1\" data-element_type=\"widget\" data-settings=\"{&quot;_animation&quot;:&quot;fadeInRight&quot;}\" data-widget_type=\"heading.default\">\n\t\t\t\t<div class=\"elementor-widget-container\">\n\t\t\t<h5 class=\"elementor-heading-title elementor-size-default\">Une \u00e9quipe de Passionn\u00e9s qui vous accueillent dans une ambiance Conviviale<\/h5>\t\t<\/div>\n\t\t\t\t<\/div>\n\t\t\t\t<div class=\"elementor-element elementor-element-1341745 elementor-widget elementor-widget-text-editor\" data-id=\"1341745\" data-element_type=\"widget\" data-widget_type=\"text-editor.default\">\n\t\t\t\t<div class=\"elementor-widget-container\">\n\t\t\t\t\t\t\t<p>Chez Lait Thym Sel, la cuisine est bien plus qu&#8217;un m\u00e9tier ; c&#8217;est une <strong>passion<\/strong>, un<strong> art de vivre<\/strong>. Chaque plat est pr\u00e9par\u00e9 avec soin et attention, dans le respect des<strong> traditions culinaires<\/strong> et avec une touche de cr\u00e9ativit\u00e9. Notre petite \u00e9quipe de passionn\u00e9s travaille dans une ambiance <strong>conviviale<\/strong> et <strong>chaleureuse<\/strong>, o\u00f9 le partage et la collaboration sont au c\u0153ur de notre quotidien. Nous croyons que c&#8217;est cette passion qui rend nos plats si <strong>sp\u00e9ciaux<\/strong> et nos \u00e9v\u00e9nements si m\u00e9morables.<\/p>\t\t\t\t\t\t<\/div>\n\t\t\t\t<\/div>\n\t\t\t\t<div class=\"elementor-element elementor-element-b8ff29f elementor-invisible elementor-widget elementor-widget-heading\" data-id=\"b8ff29f\" data-element_type=\"widget\" data-settings=\"{&quot;_animation&quot;:&quot;fadeInLeft&quot;}\" data-widget_type=\"heading.default\">\n\t\t\t\t<div class=\"elementor-widget-container\">\n\t\t\t<h5 class=\"elementor-heading-title elementor-size-default\">Faites de Votre \u00c9v\u00e9nement un Moment Inoubliable avec Lait Thym Sel\n<\/h5>\t\t<\/div>\n\t\t\t\t<\/div>\n\t\t\t\t<div class=\"elementor-element elementor-element-053a44f elementor-widget elementor-widget-text-editor\" data-id=\"053a44f\" data-element_type=\"widget\" data-widget_type=\"text-editor.default\">\n\t\t\t\t<div class=\"elementor-widget-container\">\n\t\t\t\t\t\t\t<p>Que vous organisiez un \u00e9v\u00e9nement professionnel ou priv\u00e9, faites confiance \u00e0 Lait Thym Sel pour rendre votre occasion <strong>sp\u00e9ciale<\/strong>. En tant que traiteur \u00e0 Gap, nous nous engageons \u00e0 vous offrir une exp\u00e9rience culinaire <strong>exceptionnelle<\/strong>, o\u00f9 chaque plat raconte une histoire et chaque repas devient un moment de <strong>partage<\/strong> et de <strong>convivialit\u00e9<\/strong>. Contactez-nous d\u00e8s aujourd&#8217;hui pour discuter de votre projet et laissez-nous vous aider \u00e0 cr\u00e9er des souvenirs inoubliables autour d&#8217;un repas d\u00e9licieux.<\/p>\t\t\t\t\t\t<\/div>\n\t\t\t\t<\/div>\n\t\t\t\t<div class=\"elementor-element elementor-element-b3812db elementor-widget elementor-widget-heading\" data-id=\"b3812db\" data-element_type=\"widget\" data-widget_type=\"heading.default\">\n\t\t\t\t<div class=\"elementor-widget-container\">\n\t\t\t<h4 class=\"elementor-heading-title elementor-size-default\">Contactez-nous pour obtenir un devis personnalis\u00e9 !<\/h4>\t\t<\/div>\n\t\t\t\t<\/div>\n\t\t\t\t<div class=\"elementor-element elementor-element-9c12b50 elementor-align-center elementor-widget elementor-widget-button\" data-id=\"9c12b50\" data-element_type=\"widget\" data-widget_type=\"button.default\">\n\t\t\t\t<div class=\"elementor-widget-container\">\n\t\t\t\t\t<div class=\"elementor-button-wrapper\">\n\t\t\t<a class=\"elementor-button elementor-button-link elementor-size-md elementor-animation-shrink\" href=\"https:\/\/laitthymsel05.fr\/index.php\/contact-us\/\" target=\"_blank\">\n\t\t\t\t\t\t<span class=\"elementor-button-content-wrapper\">\n\t\t\t\t\t\t<span class=\"elementor-button-text\">Contact<\/span>\n\t\t<\/span>\n\t\t\t\t\t<\/a>\n\t\t<\/div>\n\t\t\t\t<\/div>\n\t\t\t\t<\/div>\n\t\t\t\t\t<\/div>\n\t\t\t\t<\/div>\n\t\t\t\t\t\t\t<\/div>\n\t\t","protected":false},"excerpt":{"rendered":"<p>Notre service traiteur Bienvenue chez Lait Thym Sel : Votre Traiteur d&#8217;Exception \u00e0 Gap Une Cuisine Artisanale et Passionn\u00e9e pour des \u00c9v\u00e9nements Inoubliables Chez Lait Thym Sel, nous croyons que [&hellip;]<\/p>\n","protected":false},"author":1,"featured_media":0,"parent":0,"menu_order":0,"comment_status":"closed","ping_status":"closed","template":"","meta":{"om_disable_all_campaigns":false,"_monsterinsights_skip_tracking":false,"_monsterinsights_sitenote_active":false,"_monsterinsights_sitenote_note":"","_monsterinsights_sitenote_category":0,"footnotes":""},"aioseo_notices":[],"_links":{"self":[{"href":"https:\/\/laitthymsel05.fr\/index.php\/wp-json\/wp\/v2\/pages\/6"}],"collection":[{"href":"https:\/\/laitthymsel05.fr\/index.php\/wp-json\/wp\/v2\/pages"}],"about":[{"href":"https:\/\/laitthymsel05.fr\/index.php\/wp-json\/wp\/v2\/types\/page"}],"author":[{"embeddable":true,"href":"https:\/\/laitthymsel05.fr\/index.php\/wp-json\/wp\/v2\/users\/1"}],"replies":[{"embeddable":true,"href":"https:\/\/laitthymsel05.fr\/index.php\/wp-json\/wp\/v2\/comments?post=6"}],"version-history":[{"count":19,"href":"https:\/\/laitthymsel05.fr\/index.php\/wp-json\/wp\/v2\/pages\/6\/revisions"}],"predecessor-version":[{"id":597,"href":"https:\/\/laitthymsel05.fr\/index.php\/wp-json\/wp\/v2\/pages\/6\/revisions\/597"}],"wp:attachment":[{"href":"https:\/\/laitthymsel05.fr\/index.php\/wp-json\/wp\/v2\/media?parent=6"}],"curies":[{"name":"wp","href":"https:\/\/api.w.org\/{rel}","templated":true}]}}